{"id":135,"date":"2018-07-13T11:31:25","date_gmt":"2018-07-13T11:31:25","guid":{"rendered":"https:\/\/wusel.wh61.de\/?page_id=135"},"modified":"2018-07-13T11:31:25","modified_gmt":"2018-07-13T11:31:25","slug":"datenschutz","status":"publish","type":"page","link":"https:\/\/wusel.wh61.de\/wordpress\/datenschutz\/","title":{"rendered":"Datenschutz"},"content":{"rendered":"<h2>Datenschutzerkl\u00e4rung<\/h2>\n<h2>1. Geltungsbereich<\/h2>\n<p>Diese Datenschutzerkl\u00e4rung gilt f\u00fcr diese Website, die unter \u00a0 erreichbar unter <a href=\"http:\/\/wusel.wh61.de\">http:\/\/wusel.wh61.de<\/a> und unter <a href=\"http:\/\/wusel.live\">http:\/\/wusel.live<\/a> zu erreichen ist und f\u00fcr die \u00fcber diese Internetseiten erhobenen personenbezogenen Daten. F\u00fcr Internetseiten anderer Anbieter, auf die z.B. \u00fcber Links verwiesen wird, gelten die dortigen Datenschutzhinweise und \u2013erkl\u00e4rungen.<\/p>\n<h2>2. Verantwortlicher<\/h2>\n<p>Verantwortlich f\u00fcr die Verarbeitung personenbezogener Daten auf diesen Internetseiten ist:<\/p>\n<p style=\"text-align: center;\">Werner H\u00fclsmann<br \/>\nM\u00fcnchener Str. 101\/Geb. 01 &#8211; D-85737 Ismaning<br \/>\nE-Mail: wusel [at] wh61 [punkt] de<br \/>\nTel. +49-157 \/ 34783123<\/p>\n<p>Ein\/e Datenschutzbeauftragte\/r ist nicht zu benennen und wurde daher nicht benannt<\/p>\n<h2>3. Mein Umgang mit Ihren Daten:<\/h2>\n<h3>3.1 Personenbezogene Daten:<\/h3>\n<p>Gem\u00e4\u00df Artikel 4 Zfifer 4 der EU-Datenschutzgrundverordnung (DSGVO) sind personenbezogene Daten alle Informationen, die sich auf eine identifizierte oder identifizierbare nat\u00fcrliche Person beziehen; als identifizierbar wird eine nat\u00fcrliche Person angesehen, die direkt oder indirekt, insbesondere mittels Zuordnung zu einer Kennung wie einem Namen, zu einer Kennnummer, zu Standortdaten, zu einer Online-Kennung oder zu einem oder mehreren besonderen Merkmalen identifiziert werden kann, die Ausdruck der physischen, physiologischen, genetischen, psychischen, wirtschaftlichen, kulturellen oder sozialen Identit\u00e4t dieser nat\u00fcrlichen Person sind.<\/p>\n<h3>3.2 Anfragen per E-Mail<\/h3>\n<p>Wenn Sie mir eine E-Mail zusenden, werden die dort enthaltenen Daten zu Ihrer Person zur Beantwortung Ihrer Anfrage bearbeitet und f\u00fcr einen angemessenen Zeitraum\u00a0 (bis zu drei Jahren) gespeichert.<\/p>\n<h3>3.3 Nutzungsdaten:<\/h3>\n<p>Bei jeder Anforderung einer Internetdatei werden folgende nicht personenbeziehbare Zugriffsdaten erhoben und\u00a0 f\u00fcr statistische Auswertungen gespeichert:<\/p>\n<ul>\n<li>die Seite, von der aus die Datei angefordert wurde,<\/li>\n<li>der Name der aufgerufenen Datei (Webseite, PDF-Datei, etc.),<\/li>\n<li>das Datum und die Uhrzeit der Anforderung,<\/li>\n<li>die \u00fcbertragene Datenmenge,<\/li>\n<li>der Zugriffsstatus (Datei \u00fcbertragen, Datei nicht gefunden etc.),<\/li>\n<li>die Zugriffsart (GET, POST),<\/li>\n<li>den verwendeten Browser bzw. das verwendeten Betriebssystem,<\/li>\n<li>die Session-ID<\/li>\n<li>Cookies (siehe 3.5)<\/li>\n<\/ul>\n<h3>3.4 Cookies<\/h3>\n<p>Wenn Sie einen Kommentar auf unserer Website schreiben, kann das eine Einwilligung sein, Ihren Namen, E-Mail-Adresse und Website in Cookies zu speichern. Dies ist eine Komfortfunktion, damit Sie nicht, wenn Sie einen weiteren Kommentar schreiben, all diese Daten erneut eingeben m\u00fcssen. Diese Cookies werden ein Jahr lang gespeichert.<\/p>\n<p>Falls Sie ein Konto haben und sich auf dieser Website anmelden, wird ein tempor\u00e4res Cookie gesetzt, um festzustellen, ob Ihr Browser Cookies akzeptiert. Dieses Cookie enth\u00e4lt keine personenbezogenen Daten und wird verworfen, wenn Sie Ihren Browser schlie\u00dfen.<\/p>\n<p>Wenn Sie sich anmelden, werden einige Cookies eingerichtet, um Ihre Anmeldeinformationen und Anzeigeoptionen zu speichern. Anmelde-Cookies verfallen nach zwei Tagen und Cookies f\u00fcr die Anzeigeoptionen nach einem Jahr. Falls Sie bei der Anmeldung \u201eAngemeldet bleiben\u201c ausw\u00e4hlen, wird Ihre Anmeldung zwei Wochen lang aufrechterhalten. Mit der Abmeldung aus IhremKonto werden die Anmelde-Cookies gel\u00f6scht.<\/p>\n<h3>3.5 Newsletterversand<\/h3>\n<p>Eine Eintragung in den Newsletter ist freiwillig und kann jederzeit widerrufen werden. Die E-Mail-Adresse wird nur zur Zusendung des Newsletters verwendet. Sofern Sie Anrede, Vor- und\/oder Nachnahme freiwillig angegben haben werden diese f\u00fcr die pers\u00f6nliche Ansprache verwendet.<\/p>\n<p>Die personenbezogenen Daten werden f\u00fcr die Dauer der Eintragung in dem Newsletter (auf Basis der Einwilligung, Art 6 Abs. 1 Buchst. a) DSGVO) und bis zu sieben Monate nach der Austragung (auf Basis von Art. 6 Abs. 1 Buchstabe f) DSGVO, mein berechtigtes Interesse ist hier, f\u00fcr einen angemessen Zeitraum nachweisen zu k\u00f6nnen, dass zum Zeitpunkt des Versands einer E-Mail die Einwilligung vorlag) gespeichert.<\/p>\n<p>Newsletterempf\u00e4nger_innen k\u00f6nnen ihre Daten selbst berichtigen ode \u00e4ndern und sich auch selbst aus dem Newsletter austragen sowie die im Zusammenhang mit dem Newsletterversand verarbeiteten Daten herunterladen. Entsprechende Links finden sich in jedem Newsletter.<\/p>\n<h3>3.6 Kommentare<\/h3>\n<p>Wenn Sie einen Kommentar schreiben, wird dieser inklusive Metadaten (u.a. die IP-Adresse) zeitlich unbegrenzt gespeichert. Auf diese Art k\u00f6nnen Folgekommentare automatisch erkannt und freigeben werden, anstelle sie in einer Moderations-Warteschlange festzuhalten.<\/p>\n<p>F\u00fcr Benutzer_innen, die sich auf unserer Website registrieren, speichern wir zus\u00e4tzlich die pers\u00f6nlichen Informationen, die sie in ihren Benutzer_innenprofilen angeben. Alle Benutzer_innen k\u00f6nnen jederzeit ihre pers\u00f6nlichen Informationen einsehen, ver\u00e4ndern oder l\u00f6schen (der Benutzer_innenname kann nicht ver\u00e4ndert werden). Administrator_innen der Website k\u00f6nnen diese Informationen ebenfalls einsehen und ver\u00e4ndern.<\/p>\n<p>Wenn Besucher_innen Kommentare auf der Website schreiben, werden die Daten verarbeitet, die im Kommentar-Formular angezeigt werden, au\u00dferdem die IP-Adresse des Besuchers und den User-Agent-String (damit wird der Browser identifiziert), um die Erkennung von Spam zu unterst\u00fctzen. Aus Ihrer E-Mail-Adresse kann eine anonymisierte Zeichenfolge erstellt (auch Hash genannt) und dem Gravatar-Dienst \u00fcbergeben werden, um zu pr\u00fcfen, ob Sie diesen benutzen. Die Datenschutzerkl\u00e4rung des Gravatar-Dienstes finden Sie hier: <a href=\"https:\/\/automattic.com\/privacy\/\" target=\"_blank\" rel=\"noopener\">https:\/\/automattic.com\/privacy\/<\/a>. Nachdem Ihr Kommentar freigegeben wurde, ist Ihr gegenfalls zur Verf\u00fcgung gestelltes Profilbild \u00f6ffentlich im Kontext Ihres Kommentars sichtbar.<\/p>\n<h3>3.7 Social-Media-Buttons<\/h3>\n<p>F\u00fcr die Social-Media-Buttons wird die vom Heise-Verlag entwickelte <a href=\"https:\/\/dsgvo.expert\/impressum\"><img loading=\"lazy\" decoding=\"async\" class=\"alignnone size-full wp-image-12\" src=\"https:\/\/dsgvo.expert\/wp\/wp-content\/uploads\/2016\/06\/dsgvo_expert-externer-link.gif\" alt=\"dsgvo_expert-externer-link\" width=\"15\" height=\"12\" \/><\/a><a href=\"http:\/\/www.heise.de\/ct\/artikel\/2-Klicks-fuer-mehr-Datenschutz-1333879.html\" target=\"_blank\" rel=\"noopener\">Zwei-Klick-L\u00f6sung<\/a> verwendet. D.h. dass eine eine bewu\u00dfte einmalige oder dauerhafte Aktivierung des jeweiligen K\u00e4stchens erforderlich ist, bevor Daten der Nutzer_innen an die jeweiligen Server \u00fcbertragen werden.<\/p>\n<h3>3.8 Tracking<\/h3>\n<p>Ein Tracking erfolgt nicht. Es werden nur anonyme Statistiken (Seitenaufrufe pro Tag, pro Monat, pro Jahr, Herkunft der Website-Besucher_innen nach Anzahl) erstellt.<\/p>\n<h2>4. Empf\u00e4nger oder Kategorien von Empf\u00e4ngern<\/h2>\n<p>Grunds\u00e4tzlich werden die personenbezogenen Daten nicht an Dritte &#8211; abgesehen von etwaigen richterlichen Anordnungen &#8211; weitergegeben. Der Dienstleister, bei dem ich meinen Server hoste, hat technisch zwar die M\u00f6glichkeit, auf diese Daten zuzugreifen und ist daher ein potentieller Empf\u00e4nger der Daten, ist aber \u00fcber eine Vererinbarung zur Auftragsverarbeitung (AV-Vereinbarung) zur Einhaltung des Datenschutzes und an meine Weisungen gebunden.<\/p>\n<h2>5. Ihre Rechte<\/h2>\n<p>Als Nutzer_in meines Internet-Angebots haben Sie nach der DSGVO verschiedene Rechte, die sich insbesondere aus Art. 15 bis 18, 21 DSGVO ergeben. Zur Wahrnehmung Ihrer Rechte nutzen Sie bitte die unter 1. Verantwortlicher angegebenen Kontaktdaten oder im Zusammenhang mit dem Newsletter \u00fcber die in jedem Newsletter angegebenen Links.<\/p>\n<h3>5.1 Recht auf Auskunft:<\/h3>\n<p>Sie k\u00f6nnen Auskunft gem. Art. 15 DSGVO \u00fcber Ihre von mir verarbeiteten personenbezogenen Daten verlangen. In Ihrem Auskunftsantrag sollten Sie Ihr Anliegen pr\u00e4zisieren, um mir das Zusammenstellen der erforderlichen Daten zu erleichtern.<\/p>\n<h3>5.2 Recht auf Berichtigung:<\/h3>\n<p>Sollten die Sie betreffenden Angaben nicht (mehr) zutreffend sein, k\u00f6nnen Sie nach Art. 16 DSGVO eine Berichtigung verlangen. Sollten Ihre Daten unvollst\u00e4ndig sein, k\u00f6nnen Sie eine Vervollst\u00e4ndigung verlangen.<\/p>\n<h3>5.3 Recht auf L\u00f6schung:<\/h3>\n<p>Sie k\u00f6nnen unter den Bedingungen des Art. 17 DSGVO die L\u00f6schung Ihrer personenbezogenen Daten verlangen. Ihr Anspruch auf L\u00f6schung h\u00e4ngt u. a. davon ab, ob die Sie betreffenden Daten von mir zur Erf\u00fcllung gesetzlicher Verpflichtungen (wie z.B. die Erf\u00fcllung von gesetzlichen Aufbewahrungspflichten) oder zur Vertragserf\u00fcllung noch ben\u00f6tigt werden.<\/p>\n<h3>5.4 Recht auf Einschr\u00e4nkung der Verarbeitung:<\/h3>\n<p>Sie haben im Rahmen der Vorgaben des Art. 18 DSGVO das Recht, eine Einschr\u00e4nkung der Verarbeitung der Sie betreffenden Daten zu verlangen.<\/p>\n<h3>5.5 Recht auf Widerspruch:<\/h3>\n<p>Sie haben nach Art. 21 DSGVO das Recht, aus Gr\u00fcnden, die sich aus Ihrer besonderen Situation ergeben, jederzeit der Verarbeitung der Sie betreffenden Daten zu widersprechen. Allerdings kaann ich dem nicht immer nachkommen, z. B. wenn mich eine Rechtsvorschrift zur Verarbeitung verpflichtet. Zudem haben Sie das Recht einer werblichen Nutzung ihrer personenbezogenen Daten zu widersprechen.<\/p>\n<h3>5.6 Recht auf Beschwerde:<\/h3>\n<p>Wenn Sie der Auffassung sind, dass ich bei der Verarbeitung Ihrer Daten datenschutzrechtliche Vorschriften nicht beachtet habe, k\u00f6nnen Sie sich mit einer Beschwerde an eine Datenschutzaufsichtsbeh\u00f6rde wenden. Die f\u00fcr mich zust\u00e4ndige Datenschutzaufsichtsbeh\u00f6rde ist das <a href=\"https:\/\/www.lda.bayern.de\/\" target=\"_blank\" rel=\"noopener\">Bayerische Landesamt f\u00fcr Datenschutzaufsicht<\/a> (<a href=\"https:\/\/www.lda.bayern.de\/\" target=\"_blank\" rel=\"noopener\">https:\/\/www.lda.bayern.de\/<\/a>).<\/p>\n<p class=\"x97\"><em>Stand: 24.05.2018<\/em><\/p>\n","protected":false},"excerpt":{"rendered":"<p>Datenschutzerkl\u00e4rung 1. Geltungsbereich Diese Datenschutzerkl\u00e4rung gilt f\u00fcr diese Website, die unter \u00a0 erreichbar unter http:\/\/wusel.wh61.de und unter http:\/\/wusel.live zu erreichen ist und f\u00fcr die \u00fcber diese Internetseiten erhobenen personenbezogenen Daten. F\u00fcr Internetseiten anderer Anbieter, auf die z.B. \u00fcber Links verwiesen &hellip; <a href=\"https:\/\/wusel.wh61.de\/wordpress\/datenschutz\/\">Weiterlesen <span class=\"meta-nav\">&rarr;<\/span><\/a><\/p>\n","protected":false},"author":1,"featured_media":0,"parent":0,"menu_order":95,"comment_status":"closed","ping_status":"closed","template":"","meta":{"footnotes":""},"class_list":["post-135","page","type-page","status-publish","hentry"],"_links":{"self":[{"href":"https:\/\/wusel.wh61.de\/wordpress\/wp-json\/wp\/v2\/pages\/135","targetHints":{"allow":["GET"]}}],"collection":[{"href":"https:\/\/wusel.wh61.de\/wordpress\/wp-json\/wp\/v2\/pages"}],"about":[{"href":"https:\/\/wusel.wh61.de\/wordpress\/wp-json\/wp\/v2\/types\/page"}],"author":[{"embeddable":true,"href":"https:\/\/wusel.wh61.de\/wordpress\/wp-json\/wp\/v2\/users\/1"}],"replies":[{"embeddable":true,"href":"https:\/\/wusel.wh61.de\/wordpress\/wp-json\/wp\/v2\/comments?post=135"}],"version-history":[{"count":1,"href":"https:\/\/wusel.wh61.de\/wordpress\/wp-json\/wp\/v2\/pages\/135\/revisions"}],"predecessor-version":[{"id":136,"href":"https:\/\/wusel.wh61.de\/wordpress\/wp-json\/wp\/v2\/pages\/135\/revisions\/136"}],"wp:attachment":[{"href":"https:\/\/wusel.wh61.de\/wordpress\/wp-json\/wp\/v2\/media?parent=135"}],"curies":[{"name":"wp","href":"https:\/\/api.w.org\/{rel}","templated":true}]}}